{"id":172,"date":"2025-12-07T13:00:17","date_gmt":"2025-12-07T12:00:17","guid":{"rendered":"https:\/\/mockelnforeningarna.se\/akka\/?page_id=172"},"modified":"2025-12-09T13:32:33","modified_gmt":"2025-12-09T12:32:33","slug":"foretagsprofilering","status":"publish","type":"page","link":"https:\/\/mockelnforeningarna.se\/akka\/foretagsprofilering\/","title":{"rendered":"F\u00f6retagsprofilering"},"content":{"rendered":"\n<h3 class=\"wp-block-heading\">\u00c4r social och ekologisk h\u00e5llbarhet viktigt f\u00f6r ert f\u00f6retag? D\u00e5 kan vi erbjuda en perfekt produkt f\u00f6r er!<\/h3>\n\n\n\n<p><strong>Ge bort lokal smak med omtanke<\/strong><br>Vi p\u00e5 Karlskoga skafferi brinner f\u00f6r att ta tillvara det som annars riskerar att g\u00e5 f\u00f6rlorat. Med hantverksm\u00e4ssig omsorg f\u00f6rvandlar vi lokalt odlade r\u00e5varor \u2013 tillsammans med frukt och gr\u00f6nt som annars skulle ha kastats \u2013 till marmelader, kryddblandningar och andra goda produkter. Alltid svinnsmart, sm\u00e5skaligt och n\u00e4ra.<\/p>\n\n\n\n<figure class=\"wp-block-gallery has-nested-images columns-default is-cropped wp-block-gallery-1 is-layout-flex wp-block-gallery-is-layout-flex\">\n<figure class=\"wp-block-image size-full\"><img loading=\"lazy\" decoding=\"async\" width=\"1024\" height=\"1024\" data-id=\"178\" src=\"https:\/\/mockelnforeningarna.se\/app\/uploads\/sites\/44\/2025\/12\/Exempel-marmelad-jul.jpg\" alt=\"\" class=\"wp-image-178\" srcset=\"https:\/\/mockelnforeningarna.se\/app\/uploads\/sites\/44\/2025\/12\/Exempel-marmelad-jul.jpg 1024w, https:\/\/mockelnforeningarna.se\/app\/uploads\/sites\/44\/2025\/12\/Exempel-marmelad-jul-300x300.jpg 300w, https:\/\/mockelnforeningarna.se\/app\/uploads\/sites\/44\/2025\/12\/Exempel-marmelad-jul-150x150.jpg 150w, https:\/\/mockelnforeningarna.se\/app\/uploads\/sites\/44\/2025\/12\/Exempel-marmelad-jul-768x768.jpg 768w, https:\/\/mockelnforeningarna.se\/app\/uploads\/sites\/44\/2025\/12\/Exempel-marmelad-jul-800x800.jpg 800w, https:\/\/mockelnforeningarna.se\/app\/uploads\/sites\/44\/2025\/12\/Exempel-marmelad-jul-500x500.jpg 500w, https:\/\/mockelnforeningarna.se\/app\/uploads\/sites\/44\/2025\/12\/Exempel-marmelad-jul-1000x1000.jpg 1000w, https:\/\/mockelnforeningarna.se\/app\/uploads\/sites\/44\/2025\/12\/Exempel-marmelad-jul-600x600.jpg 600w\" sizes=\"auto, (max-width: 1024px) 100vw, 1024px\" \/><figcaption class=\"wp-element-caption\">Exempel p\u00e5 layout<\/figcaption><\/figure>\n\n\n\n<figure class=\"wp-block-image size-large\"><img loading=\"lazy\" decoding=\"async\" width=\"1024\" height=\"683\" data-id=\"173\" src=\"https:\/\/mockelnforeningarna.se\/app\/uploads\/sites\/44\/2025\/12\/Kryddkvarn-ekmans-1024x683.jpg\" alt=\"\" class=\"wp-image-173\" srcset=\"https:\/\/mockelnforeningarna.se\/app\/uploads\/sites\/44\/2025\/12\/Kryddkvarn-ekmans-1024x683.jpg 1024w, https:\/\/mockelnforeningarna.se\/app\/uploads\/sites\/44\/2025\/12\/Kryddkvarn-ekmans-300x200.jpg 300w, https:\/\/mockelnforeningarna.se\/app\/uploads\/sites\/44\/2025\/12\/Kryddkvarn-ekmans-768x512.jpg 768w, https:\/\/mockelnforeningarna.se\/app\/uploads\/sites\/44\/2025\/12\/Kryddkvarn-ekmans-800x533.jpg 800w, https:\/\/mockelnforeningarna.se\/app\/uploads\/sites\/44\/2025\/12\/Kryddkvarn-ekmans-500x333.jpg 500w, https:\/\/mockelnforeningarna.se\/app\/uploads\/sites\/44\/2025\/12\/Kryddkvarn-ekmans-600x400.jpg 600w, https:\/\/mockelnforeningarna.se\/app\/uploads\/sites\/44\/2025\/12\/Kryddkvarn-ekmans.jpg 1248w\" sizes=\"auto, (max-width: 1024px) 100vw, 1024px\" \/><figcaption class=\"wp-element-caption\">Exempel p\u00e5 layout<\/figcaption><\/figure>\n<\/figure>\n\n\n\n<p>Nu erbjuder vi f\u00f6retag m\u00f6jligheten att s\u00e4tta sin egen pr\u00e4gel p\u00e5 g\u00e5vorna. Vi designar specialanpassade etiketter med ert budskap, er logotyp eller er visuella identitet. Perfekt som personliga presenter till anst\u00e4llda, uppskattade g\u00e5vor till kunder \u2013 eller produkter att s\u00e4lja vidare under ert eget varum\u00e4rke.<\/p>\n\n\n\n<p>Med v\u00e5ra produkter f\u00e5r ni inte bara n\u00e5got gott och vackert att ge bort. Ni bidrar ocks\u00e5 till minskat matsvinn, lokal utveckling och ett mer h\u00e5llbart samh\u00e4lle.<br><strong>Smakfulla g\u00e5vor som g\u00f6r skillnad \u2013 p\u00e5 riktigt.<\/strong><\/p>\n\n\n\n<p>F\u00f6r mer information och bolla id\u00e9er, kontakta oss p\u00e5 karlskogaskafferi@gmail.com eller ring Sofia Tungfelt p\u00e5 070 406 92 52<\/p>\n","protected":false},"excerpt":{"rendered":"<p>\u00c4r social och ekologisk h\u00e5llbarhet viktigt f\u00f6r ert f\u00f6retag? D\u00e5 kan vi erbjuda en perfekt produkt f\u00f6r er! Ge bort lokal smak med omtankeVi p\u00e5 Karlskoga skafferi brinner f\u00f6r att [&hellip;]<\/p>\n","protected":false},"author":38,"featured_media":0,"parent":0,"menu_order":0,"comment_status":"closed","ping_status":"closed","template":"","meta":{"footnotes":""},"class_list":["post-172","page","type-page","status-publish","hentry"],"_links":{"self":[{"href":"https:\/\/mockelnforeningarna.se\/akka\/wp-json\/wp\/v2\/pages\/172","targetHints":{"allow":["GET"]}}],"collection":[{"href":"https:\/\/mockelnforeningarna.se\/akka\/wp-json\/wp\/v2\/pages"}],"about":[{"href":"https:\/\/mockelnforeningarna.se\/akka\/wp-json\/wp\/v2\/types\/page"}],"author":[{"embeddable":true,"href":"https:\/\/mockelnforeningarna.se\/akka\/wp-json\/wp\/v2\/users\/38"}],"replies":[{"embeddable":true,"href":"https:\/\/mockelnforeningarna.se\/akka\/wp-json\/wp\/v2\/comments?post=172"}],"version-history":[{"count":4,"href":"https:\/\/mockelnforeningarna.se\/akka\/wp-json\/wp\/v2\/pages\/172\/revisions"}],"predecessor-version":[{"id":181,"href":"https:\/\/mockelnforeningarna.se\/akka\/wp-json\/wp\/v2\/pages\/172\/revisions\/181"}],"wp:attachment":[{"href":"https:\/\/mockelnforeningarna.se\/akka\/wp-json\/wp\/v2\/media?parent=172"}],"curies":[{"name":"wp","href":"https:\/\/api.w.org\/{rel}","templated":true}]}}