{"id":567,"date":"2023-12-27T16:25:44","date_gmt":"2023-12-27T15:25:44","guid":{"rendered":"https:\/\/mockelnforeningarna.se\/grabotradgard\/?page_id=567"},"modified":"2023-12-27T16:25:45","modified_gmt":"2023-12-27T15:25:45","slug":"arskronika-2023","status":"publish","type":"page","link":"https:\/\/mockelnforeningarna.se\/grabotradgard\/arskronika-2023\/","title":{"rendered":"\u00c5rskr\u00f6nika 2023"},"content":{"rendered":"\n<p>Ytterligare ett odlings\u00e5r har passerat. Det gick fort som bara den!<\/p>\n\n\n\n<p>Under tidiga v\u00e5ren p\u00e5b\u00f6rjades s\u00e5dderna och omskolning av busfr\u00f6na. I slutet av mars blev det en tur till tr\u00e4dg\u00e5rdsm\u00e4ssan \u201dNordiska tr\u00e4dg\u00e5rdar\u201d i Stockholm, d\u00e4r Anja och Sofia fr\u00e5n M\u00f6ckelnf\u00f6reningarna inhandlade allt fr\u00e5n frukttr\u00e4d och b\u00e4rbuskar till vackra perenner till Gr\u00e5bo tr\u00e4dg\u00e5rd.<\/p>\n\n\n\n<p>Vi har med knappa medel under \u00e5ret anlagt en liten \u201dfruktlund\u201d p\u00e5 Gr\u00e5bos framsida, som vi fram\u00e5t h\u00f6stkanten skyddade med n\u00e4t, eftersom hjortarna hela tiden knaprade p\u00e5 de sp\u00e4da frukttr\u00e4den, som till slut h\u00f6ll p\u00e5 att stryka med. Vi hoppas att i alla fall n\u00e5gra av de tr\u00e4den klarar sig och b\u00f6rjar trivas.<\/p>\n\n\n\n<p>P\u00e5 tr\u00e4dg\u00e5rdens framsida har vi i \u00e5r mest odlat olika vackra blommor, pumpor och jordgubbar. P\u00e5 baksidan av tr\u00e4dg\u00e5rden har vi \u00f6verv\u00e4gande odlat gr\u00f6nsaker och l\u00e4ngst ner mot stationen finns en ganska skuggig perennrabatt fr\u00e5n \u00e5r 2022, som vi byggt vidare p\u00e5.<\/p>\n\n\n\n<p>I \u00e5r har projektet tillf\u00f6rt en sl\u00e5tter\u00e4ng runt Gr\u00e5bo tr\u00e4dg\u00e5rd och flera tr\u00e4d har hamlats. S\u00e5 snart tillf\u00e4lle ges, kommer odlingsytorna att inh\u00e4gnas med historiskt passande staket f\u00f6r att hindra hjortarnas framfart. Projektet har \u00e4ven k\u00f6pt in historiskt passande ektunnor f\u00f6r att samla upp regnvatten till bevattning, men i \u00e5r beh\u00f6vde vi knappast vattna. Det regnade n\u00e4stan konstant. Tr\u00e4dg\u00e5rden blev bland annat av denna anledning inte lika fin som vi t\u00e4nkt och hoppats p\u00e5. Men det \u00e4r lite det som \u00e4r tjusningen med att odla ocks\u00e5. Man vet ju aldrig hur odlings\u00e5ret kommer att bli f\u00f6rr\u00e4n det \u00e4r f\u00f6rbi.<\/p>\n\n\n\n<p>Arbetarmuseet har h\u00e5llit \u00f6ppet varje helg under hela sommaren, d\u00e5 tr\u00e4dg\u00e5rden blommat som mest. Vi som har arbetat med tr\u00e4dg\u00e5rden har \u00e4ven sett och pratat med ett flertal bes\u00f6kare som ber\u00e4ttat att de ofta bes\u00f6ker tr\u00e4dg\u00e5rden p\u00e5 sina frekventa promenader och ser hur den utvecklas i all sin prakt. Det sporrar naturligtvis oss som odlar i tr\u00e4dg\u00e5rden och vi pratar g\u00e4rna med alla som kommer f\u00f6rbi och om ber\u00e4ttar vad vi g\u00f6r. Alla som \u00e4r intresserade av att odla med oss p\u00e5 Gr\u00e5bo tr\u00e4dg\u00e5rd \u00e4r f\u00f6rst\u00e5s varmt v\u00e4lkomna! Vi odlar tillsammans och sk\u00f6rdar tillsammans, allt eftersom blommorna blommar och gr\u00f6nsakerna och b\u00e4ren mognar!<br><br>Under det g\u00e5ngna \u00e5ret har vi odlare f\u00e5tt tillf\u00e4lle att plocka vackra buketter och sk\u00f6rda olika gr\u00f6nsaker och \u00f6rter. Vi har varit samma odlare p\u00e5 Gr\u00e5bo som f\u00f6rra \u00e5ret; Elisabeth, Eva, Yvette, \u00c5sa, Amanda, Sofia och Anja. Vi har i \u00e5r f\u00e5tt en fin och mycket engagerad medodlare som heter Annica och en nykomling som heter Th\u00e9r\u00e8se. Ut\u00f6ver det vill vi ge ett extra tack till Andreas, Amela, Leo, Kalle, Walter med flera som spontant hj\u00e4lpt oss n\u00e4r vi beh\u00f6vt ett extra handtag! Vi vill \u00e4ven passa p\u00e5 att rikta ett stort tack till alla privatpersoner som har donerat plantor till Gr\u00e5bo tr\u00e4dg\u00e5rd!<\/p>\n\n\n\n<p>Vi som odlar p\u00e5 Gr\u00e5bo tr\u00e4dg\u00e5rd str\u00e4var efter att skapa en f\u00f6rening som tillsammans tar hand om tr\u00e4dg\u00e5rden och fattar gemensamma beslut om vad man vill odla, allts\u00e5 ingen egen odlingspl\u00e4tt med \u201dmitt och ditt\u201d. Vi vill odla m\u00e5ngfaldigt med inriktat p\u00e5 kulturarv och \u00e4tbart f\u00f6r s\u00e5v\u00e4l pollinerande insekter som f\u00f6r oss m\u00e4nniskor, samtidigt som vi odlar v\u00e4nskap. Varmt v\u00e4lkommen du med!<\/p>\n","protected":false},"excerpt":{"rendered":"<p>Ytterligare ett odlings\u00e5r har passerat. Det gick fort som bara den! Under tidiga v\u00e5ren p\u00e5b\u00f6rjades s\u00e5dderna och omskolning av busfr\u00f6na. I slutet av mars blev det en tur till tr\u00e4dg\u00e5rdsm\u00e4ssan [&hellip;]<\/p>\n","protected":false},"author":109,"featured_media":0,"parent":0,"menu_order":0,"comment_status":"closed","ping_status":"closed","template":"","meta":{"footnotes":""},"class_list":["post-567","page","type-page","status-publish","hentry"],"_links":{"self":[{"href":"https:\/\/mockelnforeningarna.se\/grabotradgard\/wp-json\/wp\/v2\/pages\/567","targetHints":{"allow":["GET"]}}],"collection":[{"href":"https:\/\/mockelnforeningarna.se\/grabotradgard\/wp-json\/wp\/v2\/pages"}],"about":[{"href":"https:\/\/mockelnforeningarna.se\/grabotradgard\/wp-json\/wp\/v2\/types\/page"}],"author":[{"embeddable":true,"href":"https:\/\/mockelnforeningarna.se\/grabotradgard\/wp-json\/wp\/v2\/users\/109"}],"replies":[{"embeddable":true,"href":"https:\/\/mockelnforeningarna.se\/grabotradgard\/wp-json\/wp\/v2\/comments?post=567"}],"version-history":[{"count":3,"href":"https:\/\/mockelnforeningarna.se\/grabotradgard\/wp-json\/wp\/v2\/pages\/567\/revisions"}],"predecessor-version":[{"id":578,"href":"https:\/\/mockelnforeningarna.se\/grabotradgard\/wp-json\/wp\/v2\/pages\/567\/revisions\/578"}],"wp:attachment":[{"href":"https:\/\/mockelnforeningarna.se\/grabotradgard\/wp-json\/wp\/v2\/media?parent=567"}],"curies":[{"name":"wp","href":"https:\/\/api.w.org\/{rel}","templated":true}]}}