{"id":679,"date":"2025-06-09T17:26:57","date_gmt":"2025-06-09T15:26:57","guid":{"rendered":"https:\/\/mockelnforeningarna.se\/grabotradgard\/?page_id=679"},"modified":"2026-03-26T22:27:04","modified_gmt":"2026-03-26T21:27:04","slug":"foreningen","status":"publish","type":"page","link":"https:\/\/mockelnforeningarna.se\/grabotradgard\/foreningen\/","title":{"rendered":"F\u00f6reningen Gr\u00e5bo Tr\u00e4dg\u00e5rd"},"content":{"rendered":"\n<div class=\"wp-block-cover alignfull is-light\" style=\"min-height:400px;aspect-ratio:unset;\"><img loading=\"lazy\" decoding=\"async\" width=\"1838\" height=\"2048\" class=\"wp-block-cover__image-background wp-image-539\" alt=\"\" src=\"https:\/\/mockelnforeningarna.se\/app\/uploads\/sites\/80\/2023\/12\/22-augusti-humla.jpg\" data-object-fit=\"cover\" srcset=\"https:\/\/mockelnforeningarna.se\/app\/uploads\/sites\/80\/2023\/12\/22-augusti-humla.jpg 1838w, https:\/\/mockelnforeningarna.se\/app\/uploads\/sites\/80\/2023\/12\/22-augusti-humla-269x300.jpg 269w, https:\/\/mockelnforeningarna.se\/app\/uploads\/sites\/80\/2023\/12\/22-augusti-humla-919x1024.jpg 919w, https:\/\/mockelnforeningarna.se\/app\/uploads\/sites\/80\/2023\/12\/22-augusti-humla-768x856.jpg 768w, https:\/\/mockelnforeningarna.se\/app\/uploads\/sites\/80\/2023\/12\/22-augusti-humla-1379x1536.jpg 1379w, https:\/\/mockelnforeningarna.se\/app\/uploads\/sites\/80\/2023\/12\/22-augusti-humla-1600x1783.jpg 1600w, https:\/\/mockelnforeningarna.se\/app\/uploads\/sites\/80\/2023\/12\/22-augusti-humla-1400x1560.jpg 1400w, https:\/\/mockelnforeningarna.se\/app\/uploads\/sites\/80\/2023\/12\/22-augusti-humla-800x891.jpg 800w, https:\/\/mockelnforeningarna.se\/app\/uploads\/sites\/80\/2023\/12\/22-augusti-humla-500x557.jpg 500w, https:\/\/mockelnforeningarna.se\/app\/uploads\/sites\/80\/2023\/12\/22-augusti-humla-1440x1605.jpg 1440w, https:\/\/mockelnforeningarna.se\/app\/uploads\/sites\/80\/2023\/12\/22-augusti-humla-600x669.jpg 600w\" sizes=\"auto, (max-width: 1838px) 100vw, 1838px\" \/><span aria-hidden=\"true\" class=\"wp-block-cover__background has-background-dim\" style=\"background-color:#ac8562\"><\/span><div class=\"wp-block-cover__inner-container has-global-padding is-layout-constrained wp-block-cover-is-layout-constrained\">\n<p class=\"has-text-align-center has-large-font-size\"><\/p>\n<\/div><\/div>\n\n\n\n<h2 class=\"wp-block-heading\"><strong>F\u00f6reningen Gr\u00e5bo Tr\u00e4dg\u00e5rd<\/strong><\/h2>\n\n\n\n<p>Efter projektet <a href=\"https:\/\/mockelnforeningarna.se\/grabotradgard\/lona\/\">\u00c4tbart f\u00f6r bi och m\u00e4nniska<\/a> beh\u00f6vde tr\u00e4dg\u00e5rden forts\u00e4tta f\u00f6rvaltas. F\u00f6r att g\u00f6ra det bildades f\u00f6reningen Gr\u00e5bo Tr\u00e4dg\u00e5rd och f\u00f6rsta \u00e5rsm\u00f6tet h\u00f6lls 2025-10-16.<\/p>\n\n\n\n<p>Styrelse valda vid \u00e5rsm\u00f6te 2026-03-26:<\/p>\n\n\n\n<p>Ordf\u00f6rande: Eva Eriksson, 1 \u00e5r<br>Sekreterare: Sofia Tungfelt, 2 \u00e5r<br>Kass\u00f6r: Claes Zuber, 1 \u00e5r<br>Ledamot: \u00c5sa P\u00f6pke, 2 \u00e5r<br>Ledamot: Margret \u00d6hrn, 1 \u00e5r<\/p>\n\n\n\n<p>Kontakt: <strong><a>grabotradgard@gmail.com<\/a><\/strong><\/p>\n\n\n\n<p>F\u00f6reningens stadgar hittar ni <a href=\"https:\/\/mockelnforeningarna.se\/grabotradgard\/stadgar\/\">H\u00c4R<\/a><\/p>\n\n\n\n<p><a href=\"https:\/\/mockelnforeningarna.se\/app\/uploads\/sites\/80\/2026\/03\/Policy-for-kulturhistorisk-och-ekologisk-odling.odt\">Policy f\u00f6r kulturhistoriska och ekologiska v\u00e4xter <\/a><\/p>\n","protected":false},"excerpt":{"rendered":"<p>F\u00f6reningen Gr\u00e5bo Tr\u00e4dg\u00e5rd Efter projektet \u00c4tbart f\u00f6r bi och m\u00e4nniska beh\u00f6vde tr\u00e4dg\u00e5rden forts\u00e4tta f\u00f6rvaltas. F\u00f6r att g\u00f6ra det bildades f\u00f6reningen Gr\u00e5bo Tr\u00e4dg\u00e5rd och f\u00f6rsta \u00e5rsm\u00f6tet h\u00f6lls 2025-10-16. Styrelse valda vid [&hellip;]<\/p>\n","protected":false},"author":38,"featured_media":0,"parent":0,"menu_order":0,"comment_status":"closed","ping_status":"closed","template":"page-notitle.php","meta":{"footnotes":""},"class_list":["post-679","page","type-page","status-publish","hentry"],"_links":{"self":[{"href":"https:\/\/mockelnforeningarna.se\/grabotradgard\/wp-json\/wp\/v2\/pages\/679","targetHints":{"allow":["GET"]}}],"collection":[{"href":"https:\/\/mockelnforeningarna.se\/grabotradgard\/wp-json\/wp\/v2\/pages"}],"about":[{"href":"https:\/\/mockelnforeningarna.se\/grabotradgard\/wp-json\/wp\/v2\/types\/page"}],"author":[{"embeddable":true,"href":"https:\/\/mockelnforeningarna.se\/grabotradgard\/wp-json\/wp\/v2\/users\/38"}],"replies":[{"embeddable":true,"href":"https:\/\/mockelnforeningarna.se\/grabotradgard\/wp-json\/wp\/v2\/comments?post=679"}],"version-history":[{"count":10,"href":"https:\/\/mockelnforeningarna.se\/grabotradgard\/wp-json\/wp\/v2\/pages\/679\/revisions"}],"predecessor-version":[{"id":1049,"href":"https:\/\/mockelnforeningarna.se\/grabotradgard\/wp-json\/wp\/v2\/pages\/679\/revisions\/1049"}],"wp:attachment":[{"href":"https:\/\/mockelnforeningarna.se\/grabotradgard\/wp-json\/wp\/v2\/media?parent=679"}],"curies":[{"name":"wp","href":"https:\/\/api.w.org\/{rel}","templated":true}]}}