{"id":2281,"date":"2025-12-01T19:22:21","date_gmt":"2025-12-01T18:22:21","guid":{"rendered":"https:\/\/mockelnforeningarna.se\/karlskogatradgardsforening\/?post_type=event&#038;p=2281"},"modified":"2026-04-25T07:19:51","modified_gmt":"2026-04-25T05:19:51","slug":"tradgardsresa-nr-ett-till-varmland","status":"publish","type":"event","link":"https:\/\/mockelnforeningarna.se\/karlskogatradgardsforening\/events\/event\/tradgardsresa-nr-ett-till-varmland\/","title":{"rendered":"Tr\u00e4dg\u00e5rdsresa nr ett till V\u00e4rmland"},"content":{"rendered":"\n<p>I \u00e5r g\u00e5r resan till V\u00e4rmland framf\u00f6r allt till S\u00e4ffle, Vi bes\u00f6ker tv\u00e5 privattr\u00e4dg\u00e5rdar och en handelstr\u00e4dg\u00e5rden. P\u00e5 v\u00e4gen dit stannar vi vid Niklasdam d\u00e4r vi fikar v\u00e5r medhavda mats\u00e4ck och kan passa p\u00e5 att titta p\u00e5 alla pelargoner.<\/p>\n\n\n\n<p><a href=\"https:\/\/mockelnforeningarna.se\/app\/uploads\/sites\/31\/2026\/01\/Informatio-om-resan-2026.pdf\">Anm\u00e4lan sl\u00e4pps den 25 april och mer information hittar du h\u00e4r<\/a><\/p>\n\n\n\n<p><a href=\"https:\/\/forms.gle\/KiEta15xfrFBWBHi7\">L\u00e4nk till anm\u00e4lan om du klickar h\u00e4r!<\/a><\/p>\n\n\n\n<p><\/p>\n","protected":false},"excerpt":{"rendered":"<p>I \u00e5r g\u00e5r resan till V\u00e4rmland framf\u00f6r allt till S\u00e4ffle, Vi bes\u00f6ker tv\u00e5 privattr\u00e4dg\u00e5rdar och en handelstr\u00e4dg\u00e5rden. P\u00e5 v\u00e4gen dit stannar vi vid Niklasdam d\u00e4r vi fikar v\u00e5r medhavda mats\u00e4ck [&hellip;]<\/p>\n","protected":false},"author":41,"featured_media":2267,"template":"","meta":[],"event-global-category":[36],"event-venue":[],"event-category":[],"event-tag":[],"class_list":["post-2281","event","type-event","status-publish","has-post-thumbnail","hentry","event-global-category-tradgard-odling"],"_links":{"self":[{"href":"https:\/\/mockelnforeningarna.se\/karlskogatradgardsforening\/wp-json\/wp\/v2\/event\/2281","targetHints":{"allow":["GET"]}}],"collection":[{"href":"https:\/\/mockelnforeningarna.se\/karlskogatradgardsforening\/wp-json\/wp\/v2\/event"}],"about":[{"href":"https:\/\/mockelnforeningarna.se\/karlskogatradgardsforening\/wp-json\/wp\/v2\/types\/event"}],"author":[{"embeddable":true,"href":"https:\/\/mockelnforeningarna.se\/karlskogatradgardsforening\/wp-json\/wp\/v2\/users\/41"}],"wp:featuredmedia":[{"embeddable":true,"href":"https:\/\/mockelnforeningarna.se\/karlskogatradgardsforening\/wp-json\/wp\/v2\/media\/2267"}],"wp:attachment":[{"href":"https:\/\/mockelnforeningarna.se\/karlskogatradgardsforening\/wp-json\/wp\/v2\/media?parent=2281"}],"wp:term":[{"taxonomy":"event-global-category","embeddable":true,"href":"https:\/\/mockelnforeningarna.se\/karlskogatradgardsforening\/wp-json\/wp\/v2\/event-global-category?post=2281"},{"taxonomy":"event-venue","embeddable":true,"href":"https:\/\/mockelnforeningarna.se\/karlskogatradgardsforening\/wp-json\/wp\/v2\/event-venue?post=2281"},{"taxonomy":"event-category","embeddable":true,"href":"https:\/\/mockelnforeningarna.se\/karlskogatradgardsforening\/wp-json\/wp\/v2\/event-category?post=2281"},{"taxonomy":"event-tag","embeddable":true,"href":"https:\/\/mockelnforeningarna.se\/karlskogatradgardsforening\/wp-json\/wp\/v2\/event-tag?post=2281"}],"curies":[{"name":"wp","href":"https:\/\/api.w.org\/{rel}","templated":true}]}}