{"id":2283,"date":"2025-12-01T19:30:22","date_gmt":"2025-12-01T18:30:22","guid":{"rendered":"https:\/\/mockelnforeningarna.se\/karlskogatradgardsforening\/?post_type=event&#038;p=2283"},"modified":"2025-12-01T19:32:40","modified_gmt":"2025-12-01T18:32:40","slug":"varmarknad-pa-bofors-station","status":"publish","type":"event","link":"https:\/\/mockelnforeningarna.se\/karlskogatradgardsforening\/events\/event\/varmarknad-pa-bofors-station\/","title":{"rendered":"V\u00e5rmarknad p\u00e5 Bofors Station"},"content":{"rendered":"\n<p>Missa inte v\u00e5r v\u00e5rmarknad i samband med Kultur- och f\u00f6reningsdagen! En av \u00e5rets h\u00f6jdpunkter, d\u00e4r man kan k\u00f6pa fina plantor och hantverk. Ut\u00f6ver det kan man g\u00e4sta Gr\u00e5bo tr\u00e4dg\u00e5rd, Gr\u00e5bo arbetarmuseum, tr\u00e4ffa lokala konstn\u00e4rer med mera. Ett riktigt fint utflyktsm\u00e5l!<\/p>\n\n\n\n<p>Kontakta <a href=\"mailto:joy.toivonen@gmail.com\">Joy Toivonen<\/a> (klicka p\u00e5 namnet s\u00e5 kommer du till hennes e-post), telefon 070-4860265, om du vill vara med och s\u00e4lja!<\/p>\n\n\n\n<p><\/p>\n","protected":false},"excerpt":{"rendered":"<p>Missa inte v\u00e5r v\u00e5rmarknad i samband med Kultur- och f\u00f6reningsdagen! En av \u00e5rets h\u00f6jdpunkter, d\u00e4r man kan k\u00f6pa fina plantor och hantverk. Ut\u00f6ver det kan man g\u00e4sta Gr\u00e5bo tr\u00e4dg\u00e5rd, Gr\u00e5bo [&hellip;]<\/p>\n","protected":false},"author":41,"featured_media":2265,"template":"","meta":[],"event-global-category":[36],"event-venue":[6],"event-category":[],"event-tag":[],"class_list":["post-2283","event","type-event","status-publish","has-post-thumbnail","hentry","event-global-category-tradgard-odling","event-venue-bofors-stationsomrade"],"_links":{"self":[{"href":"https:\/\/mockelnforeningarna.se\/karlskogatradgardsforening\/wp-json\/wp\/v2\/event\/2283","targetHints":{"allow":["GET"]}}],"collection":[{"href":"https:\/\/mockelnforeningarna.se\/karlskogatradgardsforening\/wp-json\/wp\/v2\/event"}],"about":[{"href":"https:\/\/mockelnforeningarna.se\/karlskogatradgardsforening\/wp-json\/wp\/v2\/types\/event"}],"author":[{"embeddable":true,"href":"https:\/\/mockelnforeningarna.se\/karlskogatradgardsforening\/wp-json\/wp\/v2\/users\/41"}],"wp:featuredmedia":[{"embeddable":true,"href":"https:\/\/mockelnforeningarna.se\/karlskogatradgardsforening\/wp-json\/wp\/v2\/media\/2265"}],"wp:attachment":[{"href":"https:\/\/mockelnforeningarna.se\/karlskogatradgardsforening\/wp-json\/wp\/v2\/media?parent=2283"}],"wp:term":[{"taxonomy":"event-global-category","embeddable":true,"href":"https:\/\/mockelnforeningarna.se\/karlskogatradgardsforening\/wp-json\/wp\/v2\/event-global-category?post=2283"},{"taxonomy":"event-venue","embeddable":true,"href":"https:\/\/mockelnforeningarna.se\/karlskogatradgardsforening\/wp-json\/wp\/v2\/event-venue?post=2283"},{"taxonomy":"event-category","embeddable":true,"href":"https:\/\/mockelnforeningarna.se\/karlskogatradgardsforening\/wp-json\/wp\/v2\/event-category?post=2283"},{"taxonomy":"event-tag","embeddable":true,"href":"https:\/\/mockelnforeningarna.se\/karlskogatradgardsforening\/wp-json\/wp\/v2\/event-tag?post=2283"}],"curies":[{"name":"wp","href":"https:\/\/api.w.org\/{rel}","templated":true}]}}