{"id":724,"date":"2018-11-01T11:19:58","date_gmt":"2018-11-01T10:19:58","guid":{"rendered":"https:\/\/mockelnforeningarna.se\/karlskogatradgardsforening\/?page_id=724"},"modified":"2022-12-07T17:46:32","modified_gmt":"2022-12-07T16:46:32","slug":"gdpr","status":"publish","type":"page","link":"https:\/\/mockelnforeningarna.se\/karlskogatradgardsforening\/medlem\/gdpr\/","title":{"rendered":"GDPR"},"content":{"rendered":"\n<p>GDPR anger att alla organisationer \u00e4r skyldiga att ha god kontroll \u00f6ver de personuppgifter vi hanterar. De uppgifter vi hanterar i Karlskoga Tr\u00e4dg\u00e5rdsf\u00f6rening best\u00e5r av kontaktuppgifter till v\u00e5ra medlemmar (namn, adress, telefonnummer, mejladress).<\/p>\n\n\n\n<p>Vi hanterar dina personuppgifter i enlighet med dataskyddsf\u00f6rordningen GDPR, vilket inneb\u00e4r att dina uppgifter \u00e4r konfidentiella. Det \u00e4r endast personer i styrelsen som har tillg\u00e5ng till uppgifterna.<\/p>\n\n\n\n<p><strong>Hur l\u00e4nge sparar vi uppgifter om dig?<\/strong><br>Personuppgifter sparas endast s\u00e5 l\u00e4nge som det finns ett behov av att spara dem f\u00f6r att fullg\u00f6ra de \u00e4ndam\u00e5l som uppgifterna samlades in f\u00f6r i enlighet med denna policy eller tills dess att du sj\u00e4lv v\u00e4ljer att bli raderad.<\/p>\n\n\n\n<p><strong>S\u00e4kerhet<\/strong><br>Vi kommer att vidta alla \u00e5tg\u00e4rder som rimligen kan kr\u00e4vas f\u00f6r att s\u00e4kerst\u00e4lla att dina personuppgifter behandlas s\u00e4kert och i enlighet med denna integritetspolicy. Alla personuppgifter som l\u00e4mnas till oss lagras p\u00e5 s\u00e4kra servrar.<\/p>\n\n\n\n<p><strong>Tredjelands\u00f6verf\u00f6ring<\/strong><br>Vi kommer endast behandla personuppgifter p\u00e5 utrustning som fysiskt befinner sig inom EU\/ESS eller av EU-kommissionen godk\u00e4nt tredje land.<\/p>\n\n\n\n<p><strong>Dina r\u00e4ttigheter som registrerad<\/strong><br>Du har r\u00e4tt att beg\u00e4ra ett registerutdrag till de uppgifter vi behandlar om dig och att dina personuppgifter ska r\u00e4ttas till om de \u00e4r felaktiga. Du har \u00e4ven r\u00e4tten att beg\u00e4ra att de ska raderas eller g\u00f6ra inv\u00e4ndningar g\u00e4llande v\u00e5r behandling av dina personuppgifter.<\/p>\n\n\n\n<p>Om du vill veta mera om hur vi hanterar dina uppgifter \u00e4r du v\u00e4lkommen att<span style=\"color: #0000ff;\"><a style=\"color: #0000ff;\" href=\"https:\/\/mockelnforeningarna.se\/karlskogatradgardsforening\/styrelsen\/\"> kontakta medlemsansvarig<\/a><\/span>.<\/p>\n","protected":false},"excerpt":{"rendered":"<p>GDPR anger att alla organisationer \u00e4r skyldiga att ha god kontroll \u00f6ver de personuppgifter vi hanterar. De uppgifter vi hanterar i Karlskoga Tr\u00e4dg\u00e5rdsf\u00f6rening best\u00e5r av kontaktuppgifter till v\u00e5ra medlemmar (namn, [&hellip;]<\/p>\n","protected":false},"author":41,"featured_media":0,"parent":26,"menu_order":0,"comment_status":"closed","ping_status":"closed","template":"","meta":{"footnotes":""},"class_list":["post-724","page","type-page","status-publish","hentry"],"_links":{"self":[{"href":"https:\/\/mockelnforeningarna.se\/karlskogatradgardsforening\/wp-json\/wp\/v2\/pages\/724","targetHints":{"allow":["GET"]}}],"collection":[{"href":"https:\/\/mockelnforeningarna.se\/karlskogatradgardsforening\/wp-json\/wp\/v2\/pages"}],"about":[{"href":"https:\/\/mockelnforeningarna.se\/karlskogatradgardsforening\/wp-json\/wp\/v2\/types\/page"}],"author":[{"embeddable":true,"href":"https:\/\/mockelnforeningarna.se\/karlskogatradgardsforening\/wp-json\/wp\/v2\/users\/41"}],"replies":[{"embeddable":true,"href":"https:\/\/mockelnforeningarna.se\/karlskogatradgardsforening\/wp-json\/wp\/v2\/comments?post=724"}],"version-history":[{"count":1,"href":"https:\/\/mockelnforeningarna.se\/karlskogatradgardsforening\/wp-json\/wp\/v2\/pages\/724\/revisions"}],"predecessor-version":[{"id":1723,"href":"https:\/\/mockelnforeningarna.se\/karlskogatradgardsforening\/wp-json\/wp\/v2\/pages\/724\/revisions\/1723"}],"up":[{"embeddable":true,"href":"https:\/\/mockelnforeningarna.se\/karlskogatradgardsforening\/wp-json\/wp\/v2\/pages\/26"}],"wp:attachment":[{"href":"https:\/\/mockelnforeningarna.se\/karlskogatradgardsforening\/wp-json\/wp\/v2\/media?parent=724"}],"curies":[{"name":"wp","href":"https:\/\/api.w.org\/{rel}","templated":true}]}}