{"id":1287,"date":"2017-05-23T15:30:59","date_gmt":"2017-05-23T13:30:59","guid":{"rendered":"https:\/\/mockelnforeningarna.se\/kmw\/?page_id=1287"},"modified":"2023-01-05T10:02:12","modified_gmt":"2023-01-05T09:02:12","slug":"besiktningsbefrielse","status":"publish","type":"page","link":"https:\/\/mockelnforeningarna.se\/kmw\/mhrf-nytt\/besiktningsbefrielse\/","title":{"rendered":"Besiktningsbefrielse"},"content":{"rendered":"\n<h5 class=\"wp-block-heading\">MHRF v\u00e4lkomnar beskedet om besiktningsfrihet f\u00f6r historiska fordon<\/h5>\n\n\n\n<p>Transportstyrelsens information den 20 maj 2017 r\u00f6rande fordon som \u00e4r 30 \u00e5r och \u00e4ldre inneb\u00e4r besiktningsbefrielse f\u00f6r personbilar, lastbilar, bussar och sl\u00e4pvagnar som dras av dessa (oavsett totalvikt) som \u00e4r \u00e4ldre \u00e4n 50 \u00e5r och motorcyklar \u00e4ldre \u00e4n 40 \u00e5r. Ett mycket v\u00e4lkommet och efterl\u00e4ngtat besked efter m\u00e5nga \u00e5rs arbete av MHRF, FIVA och v\u00e5ra systerorganisationer inom EU f\u00f6r att s\u00e4kerst\u00e4lla rimliga villkor f\u00f6r de historiska fordonen.<br>F\u00f6rutom bilar och motorcyklar enligt ovan blir det \u00e4ven besiktningsbefrielse f\u00f6r:<\/p>\n\n\n\n<ul class=\"wp-block-list\">\n<li>T\u00e4vlingsfordon med orange t\u00e4vlingsregistreringsskylt, av fordonsslagen motorcykel och personbil.<\/li>\n\n\n\n<li>Vissa amat\u00f6rbyggda fordon, som m\u00e5ste genomg\u00e5 en registreringsbesiktning innan de kan undantas.<\/li>\n<\/ul>\n\n\n\n<p>Fordon som dock ska besiktigas oavsett \u00e5lder \u00e4r A-traktor och traktor B.<\/p>\n\n\n\n<p>\u2013&nbsp;Besiktningsfriheten \u00e4r ett v\u00e4lkommet och efterl\u00e4ngtat besked efter m\u00e5nga \u00e5rs arbete av MHRF, <a href=\"http:\/\/www.fiva.org\/\" target=\"_blank\" rel=\"noopener\">FIVA<\/a> och v\u00e5ra systerorganisationer inom EU f\u00f6r att s\u00e4kerst\u00e4lla rimliga villkor p\u00e5 de historiska fordonen, s\u00e4ger Jan T\u00e4gt, generalsekreterare MHRF.<\/p>\n\n\n\n<p><strong>De ursprungliga orimliga kraven<\/strong> p\u00e5 originallacker och typgodk\u00e4nda delar p\u00e5 historiska fordon, f\u00f6r att de \u00f6verhuvudtaget skulle anses vara historiska vid bed\u00f6mningen om undantag fr\u00e5n periodisk kontrollbesiktning, avv\u00e4rjdes. M\u00e4ngder av myndighets- och politikerkontakter i Sverige och Bryssel liksom framst\u00e4llningar och remissvar f\u00f6r de historiska fordonen har gett resultat. En bidragande orsak har varit riksdagens, regeringskansliets och Transportstyrelsens inst\u00e4llning till, och f\u00f6rtroende f\u00f6r, den svenska fordonshistoriska r\u00f6relsen. Utan dem och remissinstansernas arbete (MHRF, <a href=\"http:\/\/www.svmc.se\/\" target=\"_blank\" rel=\"noopener\">SMC<\/a>, <a href=\"http:\/\/sfro.com\/\" target=\"_blank\" rel=\"noopener\">SFRO<\/a> m fl) hade detta inte h\u00e4nt. Sverige har nu fortsatt m\u00f6jlighet att fastst\u00e4lla s\u00e4rskilda villkor f\u00f6r historiska fordon i nationell lagstiftning.<br>Motorhistoriska Riksf\u00f6rbundet har sedan arbetet med EUs nya besiktningsdirektiv, som p\u00e5b\u00f6rjades 2012, l\u00f6pande kunnat rapportera om utvecklingen. I december 2016 fastst\u00e4llde regeringskansliet \u00e4ndringar i fordonsf\u00f6rordningen och den 20 maj 2017 publicerades&nbsp;<a href=\"https:\/\/www.transportstyrelsen.se\/sv\/vagtrafik\/Fordon\/Fordonsbesiktning\/nya-besiktningsregler-20-maj-2018\/\" target=\"_blank\" rel=\"noopener\">Transportstyrelsens information om de nya reglerna<\/a> f\u00f6r kontrollbesiktning som tr\u00e4der i kraft den 20 maj 2018. Fram till dess g\u00e4ller dagens besiktningsregler. Flera detaljer kvarst\u00e5r dock att reda ut enligt Transportstyrelsen.<br><em><strong>Jan T\u00e4gt<\/strong> generalsekreterare<\/em><\/p>\n\n\n\n<h2 class=\"wp-block-heading\">Transportstyrelsens f\u00f6reskriftsarbete<\/h2>\n\n\n\n<p>Transportstyrelsens f\u00f6reskriftsarbete omfattade:<\/p>\n\n\n\n<ul class=\"wp-block-list\">\n<li>De delar av Europaparlamentets och r\u00e5dets direktiv 2014\/45\/EU av den 3 april 2014 om periodisk provning av motorfordons och tillh\u00f6rande sl\u00e4pvagnars trafiks\u00e4kerhet, som inte regleras genom fordonslagen (2002:574).<\/li>\n\n\n\n<li>Fordonsf\u00f6rordningen (2009:211) och r\u00f6r bland annat Artikel 2, om undantag fr\u00e5n periodisk kontrollbesiktning.<\/li>\n<\/ul>\n\n\n\n<p>Vidare har Transportstyrelsen bland annat avsett att:<\/p>\n\n\n\n<ul class=\"wp-block-list\">\n<li>\u00c4ndra s\u00e5 att bilaga 7 om avgasreningskrav f\u00f6r motorfordon i bruk i TSFS 2010:84 utg\u00e5r och ist\u00e4llet inarbetas i bilaga 1, samtidigt som en regelf\u00f6renkling av definitioner och fastst\u00e4llande av kravniv\u00e5 inf\u00f6rs. MHRF konstaterar att det ber\u00f6r de historiska fordon som \u00e4r konstruerade med h\u00f6gre CO2-v\u00e4rden \u00e4n 4,5%.<\/li>\n\n\n\n<li>Inf\u00f6ra ett nytt s\u00e4tt att hantera fordon som kan identifieras trots att den instansade identifieringsm\u00e4rkningen \u00e4r skadad eller saknas.<\/li>\n\n\n\n<li>Inf\u00f6ra en ny paragraf som anger att vad som s\u00e4gs om kontrollbesiktning \u00e4ven g\u00e4ller f\u00f6r fordon som visats ha brister vid flygande inspektion, men som inte beh\u00f6ver genomg\u00e5 en ny kontrollbesiktning.<\/li>\n<\/ul>\n\n\n\n<p>Hur f\u00f6reskriften i dessa delar slutligen utformats har \u00e4nnu inte publicerats av Transportstyrelsen.<\/p>\n","protected":false},"excerpt":{"rendered":"<p>MHRF v\u00e4lkomnar beskedet om besiktningsfrihet f\u00f6r historiska fordon Transportstyrelsens information den 20 maj 2017 r\u00f6rande fordon som \u00e4r 30 \u00e5r och \u00e4ldre inneb\u00e4r besiktningsbefrielse f\u00f6r personbilar, lastbilar, bussar och sl\u00e4pvagnar [&hellip;]<\/p>\n","protected":false},"author":44,"featured_media":0,"parent":439,"menu_order":0,"comment_status":"closed","ping_status":"closed","template":"","meta":{"footnotes":""},"class_list":["post-1287","page","type-page","status-publish","hentry"],"_links":{"self":[{"href":"https:\/\/mockelnforeningarna.se\/kmw\/wp-json\/wp\/v2\/pages\/1287","targetHints":{"allow":["GET"]}}],"collection":[{"href":"https:\/\/mockelnforeningarna.se\/kmw\/wp-json\/wp\/v2\/pages"}],"about":[{"href":"https:\/\/mockelnforeningarna.se\/kmw\/wp-json\/wp\/v2\/types\/page"}],"author":[{"embeddable":true,"href":"https:\/\/mockelnforeningarna.se\/kmw\/wp-json\/wp\/v2\/users\/44"}],"replies":[{"embeddable":true,"href":"https:\/\/mockelnforeningarna.se\/kmw\/wp-json\/wp\/v2\/comments?post=1287"}],"version-history":[{"count":1,"href":"https:\/\/mockelnforeningarna.se\/kmw\/wp-json\/wp\/v2\/pages\/1287\/revisions"}],"predecessor-version":[{"id":3144,"href":"https:\/\/mockelnforeningarna.se\/kmw\/wp-json\/wp\/v2\/pages\/1287\/revisions\/3144"}],"up":[{"embeddable":true,"href":"https:\/\/mockelnforeningarna.se\/kmw\/wp-json\/wp\/v2\/pages\/439"}],"wp:attachment":[{"href":"https:\/\/mockelnforeningarna.se\/kmw\/wp-json\/wp\/v2\/media?parent=1287"}],"curies":[{"name":"wp","href":"https:\/\/api.w.org\/{rel}","templated":true}]}}