{"id":1242,"date":"2023-01-09T21:36:44","date_gmt":"2023-01-09T20:36:44","guid":{"rendered":"https:\/\/mockelnforeningarna.se\/kulturochforeningskalaset\/?page_id=1242"},"modified":"2024-04-03T20:44:23","modified_gmt":"2024-04-03T18:44:23","slug":"hem-2","status":"publish","type":"page","link":"https:\/\/mockelnforeningarna.se\/kulturochforeningskalaset\/","title":{"rendered":"Hem"},"content":{"rendered":"\n<h2 class=\"wp-block-heading\">Kultur- och f\u00f6reningskalaset \u00e4r fr\u00e5n 2024 <a href=\"https:\/\/karlskoga.se\/kulturochforeningsdagen\">Kultur- och f\u00f6reningsdagen<\/a> &#8211; <a href=\"https:\/\/karlskoga.se\/kulturochforeningsdagen\">ny hemsida<\/a>! Klicka <a href=\"https:\/\/karlskoga.se\/kulturochforeningsdagen\">H\u00c4R<\/a> <\/h2>\n\n\n\n<div class=\"wp-block-group has-global-padding is-layout-constrained wp-block-group-is-layout-constrained\" style=\"margin-top:var(--wp--preset--spacing--medium)\">\n<div class=\"wp-block-columns is-layout-flex wp-container-core-columns-is-layout-28f84493 wp-block-columns-is-layout-flex\">\n<div class=\"wp-block-column is-layout-flow wp-block-column-is-layout-flow\">\n<h5 class=\"wp-block-heading\">VAD \u00c4R ETT KULTUR OCH F\u00d6RENINGSKALAS?<\/h5>\n\n\n\n<p>L\u00f6rdag 18:e maj 2024 mellan kl.11-14 arrangeras ett stort knytkalas av f\u00f6reningslivet som erbjuder alla att bes\u00f6ka N\u00e4set och Bofors stationsomr\u00e5de. Denna dag kommer att sjuda av liv p\u00e5 Kultur- och f\u00f6reningskalaset!<\/p>\n\n\n\n<p>Kalaset \u00e4r ett samarbete mellan M\u00f6ckelnf\u00f6reningarna och Karlskoga kommun. Lokala f\u00f6reningslivet bjuder in till ett knytkalas d\u00e4r alla medverkande visar upp sina aktiviteter, prova-p\u00e5, uppvisningar m.m.&nbsp;&nbsp;<\/p>\n\n\n\n<p>V\u00e4lkomna p\u00e5 en dag f\u00f6r hela familjen att ta del av vad f\u00f6reningslivet kan erbjuda!<\/p>\n<\/div>\n\n\n\n<div class=\"wp-block-column is-layout-flow wp-block-column-is-layout-flow\">\n<h5 class=\"wp-block-heading\">HUR KAN ER F\u00d6RENING BIDRA?<\/h5>\n\n\n\n<p>Vi hoppas att ni fr\u00e5n er f\u00f6rening\/verksamhet\/organisation vill vara med under denna dag och det \u00e4r nu dags att b\u00f6rja anm\u00e4la sig.&nbsp;<strong>Anm\u00e4l er senast 10:e april.<\/strong><\/p>\n\n\n\n<p>P\u00e5 vilket s\u00e4tt ni bidrar till knytkalaset best\u00e4mmer ni. Kanske passar en uppvisning av era aktiviteter, prova-p\u00e5, information, s\u00e5ng\/musik\/dans eller annat valfritt inneh\u00e5ll.<\/p>\n\n\n\n<p>M\u00f6jliga platser att vara p\u00e5:<br>* Inne p\u00e5 Nobelhallen med bord eller aktivitet p\u00e5 matta<br>* Utanf\u00f6r Nobelhallen p\u00e5 gr\u00e4syta eller grus.<br>* Vid Bofors stationsomr\u00e5de med marknadsbord, aktiviteter p\u00e5 gr\u00e4sytor eller grus.<\/p>\n\n\n\n<p>Varmt v\u00e4lkomna!<\/p>\n\n\n\n<div class=\"wp-block-buttons is-layout-flex wp-block-buttons-is-layout-flex\">\n<div class=\"wp-block-button\"><a class=\"wp-block-button__link wp-element-button\">Anm\u00e4lan \u00e4r st\u00e4ngd<\/a><\/div>\n<\/div>\n<\/div>\n\n\n\n<div class=\"wp-block-column is-layout-flow wp-block-column-is-layout-flow\">\n<h5 class=\"wp-block-heading\">KONTAKT<\/h5>\n\n\n\n<p>Har du fr\u00e5gor ang\u00e5ende Kultur- och f\u00f6reningskalaset eller vill bolla en id\u00e9 kring ert bidrag? D\u00e5 \u00e4r du v\u00e4lkommen att kontakta n\u00e5got av oss som jobbar med evenemanget.<\/p>\n\n\n\n<p>Information f\u00f6r utst\u00e4llare p\u00e5 <a href=\"https:\/\/mockelnforeningarna.se\/kulturochforeningskalaset\/2023\/05\/03\/information-till-medverkande\/\">BOFORS STATIONSOMR\u00c5DE<\/a><\/p>\n\n\n\n<p>Information f\u00f6r utst\u00e4llare p\u00e5 NOBELHALLEN &#8211; kommer inom kort<\/p>\n\n\n\n<p>Sofia Tungfelt, M\u00f6ckelnf\u00f6reningarna<br><a href=\"mailto:sofia.tungfelt@mockelnforeningarna.net\" target=\"_blank\" rel=\"noreferrer noopener\">sofia.tungfelt@mockelnforeningarna.net<\/a><\/p>\n\n\n\n<p>Marina Sj\u00f6dahl, Karlskoga kommun<br><a href=\"mailto:marina.a.sjodahl@karlskoga.se\" target=\"_blank\" rel=\"noreferrer noopener\">marina.a.sjodahl@karlskoga.se<\/a><\/p>\n<\/div>\n<\/div>\n<\/div>\n","protected":false},"excerpt":{"rendered":"<p>Kultur- och f\u00f6reningskalaset \u00e4r fr\u00e5n 2024 Kultur- och f\u00f6reningsdagen &#8211; ny hemsida! Klicka H\u00c4R VAD \u00c4R ETT KULTUR OCH F\u00d6RENINGSKALAS? L\u00f6rdag 18:e maj 2024 mellan kl.11-14 arrangeras ett stort knytkalas [&hellip;]<\/p>\n","protected":false},"author":3,"featured_media":1273,"parent":0,"menu_order":0,"comment_status":"closed","ping_status":"closed","template":"","meta":{"footnotes":""},"class_list":["post-1242","page","type-page","status-publish","has-post-thumbnail","hentry"],"_links":{"self":[{"href":"https:\/\/mockelnforeningarna.se\/kulturochforeningskalaset\/wp-json\/wp\/v2\/pages\/1242","targetHints":{"allow":["GET"]}}],"collection":[{"href":"https:\/\/mockelnforeningarna.se\/kulturochforeningskalaset\/wp-json\/wp\/v2\/pages"}],"about":[{"href":"https:\/\/mockelnforeningarna.se\/kulturochforeningskalaset\/wp-json\/wp\/v2\/types\/page"}],"author":[{"embeddable":true,"href":"https:\/\/mockelnforeningarna.se\/kulturochforeningskalaset\/wp-json\/wp\/v2\/users\/3"}],"replies":[{"embeddable":true,"href":"https:\/\/mockelnforeningarna.se\/kulturochforeningskalaset\/wp-json\/wp\/v2\/comments?post=1242"}],"version-history":[{"count":17,"href":"https:\/\/mockelnforeningarna.se\/kulturochforeningskalaset\/wp-json\/wp\/v2\/pages\/1242\/revisions"}],"predecessor-version":[{"id":1431,"href":"https:\/\/mockelnforeningarna.se\/kulturochforeningskalaset\/wp-json\/wp\/v2\/pages\/1242\/revisions\/1431"}],"wp:featuredmedia":[{"embeddable":true,"href":"https:\/\/mockelnforeningarna.se\/kulturochforeningskalaset\/wp-json\/wp\/v2\/media\/1273"}],"wp:attachment":[{"href":"https:\/\/mockelnforeningarna.se\/kulturochforeningskalaset\/wp-json\/wp\/v2\/media?parent=1242"}],"curies":[{"name":"wp","href":"https:\/\/api.w.org\/{rel}","templated":true}]}}