{"id":97,"date":"2018-02-21T12:44:26","date_gmt":"2018-02-21T11:44:26","guid":{"rendered":"https:\/\/mockelnforeningarna.se\/kulturochforeningskalaset\/?page_id=97"},"modified":"2023-06-15T09:07:30","modified_gmt":"2023-06-15T07:07:30","slug":"om","status":"publish","type":"page","link":"https:\/\/mockelnforeningarna.se\/kulturochforeningskalaset\/om\/","title":{"rendered":"Om"},"content":{"rendered":"\n<p class=\"has-text-align-left\">Kultur- och f\u00f6reningskalaset \u00e4r ett kalas med massor av aktiviteter&nbsp;f\u00f6r hela familjen!<\/p>\n\n\n\n<p class=\"has-text-align-left\">Vi arrangerar en&nbsp;sp\u00e4nnande dag d\u00e4r lokala f\u00f6reningar\/organisationer\/konstn\u00e4rer och<br>artister deltar med olika inslag, som prova-p\u00e5-aktiviteter, uppvisningar, musik, dans,<br>f\u00f6rel\u00e4sningar, utst\u00e4llningar och mycket mer.<\/p>\n\n\n\n<p class=\"has-text-align-left\">Kalaset kommer ha flera arenor som grund: <\/p>\n\n\n\n<ul class=\"wp-block-list\">\n<li>Inne p\u00e5 rinken i Nobelhallen &#8211; matta rullas ut d\u00e4r isen legat och bord st\u00e4lls upp. Ytor finns f\u00f6r att ha olika aktiviteter som kr\u00e4ver lite st\u00f6rre ytor. Ingen mat\/dryck f\u00e5r s\u00e4ljas inne p\u00e5 Nobelhallen men andra produkter kan finnas f\u00f6r f\u00f6rs\u00e4ljning. <\/li>\n\n\n\n<li>Utanf\u00f6r Nobelhallen p\u00e5 gr\u00e4s eller grus. H\u00e4r utanf\u00f6r kan mat\/dryck s\u00e4ljas och ytor anv\u00e4ndas f\u00f6r valfria aktiviteter.<\/li>\n\n\n\n<li>Bofors stationsomr\u00e5de, h\u00e4r finns yta under st\u00f6rre t\u00e4lt eller om ni hellre tar med eget t\u00e4lt. Stora ytor finns i parken f\u00f6r aktiviteter av olika slag. En liten dansbana finns f\u00f6r dans\/andra aktiviteter. \u00c4ven tillg\u00e5ng till h\u00f6gtalare med tillh\u00f6rande mikrofoner finns under det stora t\u00e4ltet.<\/li>\n\n\n\n<li>BodaBorgs mini-t\u00e5g kommer \u00e5ka mellan Nobelhallen och Bofors stationsomr\u00e5de vilket inneb\u00e4r att det \u00e4r m\u00f6jligt att ha stationer l\u00e4ngs v\u00e4gen ex vid Kemab eller Fj\u00e4rils- och humletr\u00e4dg\u00e5rden. Vi kan enkelt g\u00f6ra stationer d\u00e4r t\u00e5get stannar f\u00f6r att sl\u00e4ppa av och p\u00e5 resen\u00e4rer.<\/li>\n\n\n\n<li>Har du egna id\u00e9er om var ni vill genomf\u00f6ra en aktivitet eller n\u00e5gon fundering kring en id\u00e9 \u00e4r det bara roligt!<\/li>\n<\/ul>\n\n\n\n<p class=\"has-text-align-left\">Hoppas vi ses l\u00f6rdag 13:e maj!<\/p>\n\n\n\n<p class=\"has-text-align-left\">Kultur- och f\u00f6reningskalaset \u00e4r ett samarbete mellan Karlskoga kommun och M\u00f6ckelnf\u00f6reningarna.<\/p>\n\n\n\n<p>V\u00e4lkommen med er anm\u00e4lan fram till 10:e april!<\/p>\n\n\n\n<p><\/p>\n\n\n\n<p>Information till utst\u00e4llare p\u00e5 <a href=\"https:\/\/mockelnforeningarna.se\/kulturochforeningskalaset\/2023\/05\/03\/information-till-medverkande\/\">BOFORS STATIONSOMR\u00c5DE<\/a><br>Information till utst\u00e4llare p\u00e5 NOBELHALLEN &#8211; Kommer inom kort<\/p>\n\n\n\n<p><strong>\u00a0<\/strong><\/p>\n","protected":false},"excerpt":{"rendered":"<p>Kultur- och f\u00f6reningskalaset \u00e4r ett kalas med massor av aktiviteter&nbsp;f\u00f6r hela familjen! Vi arrangerar en&nbsp;sp\u00e4nnande dag d\u00e4r lokala f\u00f6reningar\/organisationer\/konstn\u00e4rer ochartister deltar med olika inslag, som prova-p\u00e5-aktiviteter, uppvisningar, musik, dans,f\u00f6rel\u00e4sningar, utst\u00e4llningar [&hellip;]<\/p>\n","protected":false},"author":3,"featured_media":0,"parent":0,"menu_order":0,"comment_status":"closed","ping_status":"closed","template":"","meta":{"footnotes":""},"class_list":["post-97","page","type-page","status-publish","hentry"],"_links":{"self":[{"href":"https:\/\/mockelnforeningarna.se\/kulturochforeningskalaset\/wp-json\/wp\/v2\/pages\/97","targetHints":{"allow":["GET"]}}],"collection":[{"href":"https:\/\/mockelnforeningarna.se\/kulturochforeningskalaset\/wp-json\/wp\/v2\/pages"}],"about":[{"href":"https:\/\/mockelnforeningarna.se\/kulturochforeningskalaset\/wp-json\/wp\/v2\/types\/page"}],"author":[{"embeddable":true,"href":"https:\/\/mockelnforeningarna.se\/kulturochforeningskalaset\/wp-json\/wp\/v2\/users\/3"}],"replies":[{"embeddable":true,"href":"https:\/\/mockelnforeningarna.se\/kulturochforeningskalaset\/wp-json\/wp\/v2\/comments?post=97"}],"version-history":[{"count":6,"href":"https:\/\/mockelnforeningarna.se\/kulturochforeningskalaset\/wp-json\/wp\/v2\/pages\/97\/revisions"}],"predecessor-version":[{"id":1423,"href":"https:\/\/mockelnforeningarna.se\/kulturochforeningskalaset\/wp-json\/wp\/v2\/pages\/97\/revisions\/1423"}],"wp:attachment":[{"href":"https:\/\/mockelnforeningarna.se\/kulturochforeningskalaset\/wp-json\/wp\/v2\/media?parent=97"}],"curies":[{"name":"wp","href":"https:\/\/api.w.org\/{rel}","templated":true}]}}