{"id":143,"date":"2021-06-10T12:37:46","date_gmt":"2021-06-10T10:37:46","guid":{"rendered":"https:\/\/mockelnforeningarna.se\/nkjk\/?page_id=143"},"modified":"2023-01-05T16:01:50","modified_gmt":"2023-01-05T15:01:50","slug":"program","status":"publish","type":"page","link":"https:\/\/mockelnforeningarna.se\/nkjk\/program\/","title":{"rendered":"Program"},"content":{"rendered":"\n\t\t<div class=\"bb-block-feed bb-block-feed--default alignleft wp-block-bb-blocks-feed\" class=\"bb-block-feed bb-block-feed--default alignleft\" id=\"\">\n\t\t\t\n\t\t\t<div class=\"bb-block-feed__content\" data-columns=\"1\">\n\t\t\t\n\t\t\t<article class=\"post  \">\n\t\t\t\t<header class=\"post__header\">\n\t\t\t\t\t<h3 class=\"post__title  post__title--default\"><a href=\"https:\/\/mockelnforeningarna.se\/nkjk\/events\/event\/kultur-och-foreningsdagen-2026\/?occurrence=188\">Kultur- och f\u00f6reningsdagen 2026<\/a><\/h3>\n\t\t\t\t\t<div class=\"post__meta\">23 maj, 2026 &#8211; 23 maj, 2026<\/div>\n\t\t\t\t<\/header>\n\t\t\t\t<div class=\"post__thumbnail\">\n\t\t\t\t\n\t\t\t\t<\/div>\n\t\t\t\t<div class=\"post__content\">\n\t\t\t\t\tKultur- och f\u00f6reningsdagen anordnas vid Bofors stationsomr\u00e5de i \u00e5r som tidigare \u00e5r. Flertalet f\u00f6reningar visar upp sina verksamheter. Vi h\u00e5ller \u00f6ppet i v\u00e4ntsalen samt s\u00e4ljer varmkorv. V\u00e4lkomna\n\t\t\t\t<\/div>\n\t\t\t\t\n\t\t\t\t<footer class=\"post__footer\">\n\t\t\t\t\t<div class=\"post__author\"><strong>Publicerad av:<\/strong> Tomas Marklund<\/div>\n\t\t\t\t\t\n\t\t\t\t<\/footer>\n\t\t\t\t\n\t\t\t<\/article>\n\t\t\t\n\t\t\t<article class=\"post  \">\n\t\t\t\t<header class=\"post__header\">\n\t\t\t\t\t<h3 class=\"post__title  post__title--default\"><a href=\"https:\/\/mockelnforeningarna.se\/nkjk\/events\/event\/medlemsmoten-nkjk-2025\/?occurrence=189\">Medlemsm\u00f6ten NKJK 2026<\/a><\/h3>\n\t\t\t\t\t<div class=\"post__meta\">18 maj, 2026 &#8211; 18 maj, 2026<\/div>\n\t\t\t\t<\/header>\n\t\t\t\t<div class=\"post__thumbnail\">\n\t\t\t\t\n\t\t\t\t<\/div>\n\t\t\t\t<div class=\"post__content\">\n\t\t\t\t\tV\u00e4lkommen till f\u00f6reningens medlemsm\u00f6ten p\u00e5 Bofors station. M\u00f6tena infaller ungef\u00e4r en g\u00e5ng i m\u00e5naden. Platsen \u00e4r Bofors Station.\n\t\t\t\t<\/div>\n\t\t\t\t\n\t\t\t\t<footer class=\"post__footer\">\n\t\t\t\t\t<div class=\"post__author\"><strong>Publicerad av:<\/strong> Tomas Marklund<\/div>\n\t\t\t\t\t\n\t\t\t\t<\/footer>\n\t\t\t\t\n\t\t\t<\/article>\n\t\t\t\n\t\t\t<\/div>\n\t\t<\/div>\n\t","protected":false},"excerpt":{"rendered":"","protected":false},"author":3,"featured_media":0,"parent":0,"menu_order":0,"comment_status":"closed","ping_status":"closed","template":"page-sidebar.php","meta":{"footnotes":""},"class_list":["post-143","page","type-page","status-publish","hentry"],"_links":{"self":[{"href":"https:\/\/mockelnforeningarna.se\/nkjk\/wp-json\/wp\/v2\/pages\/143","targetHints":{"allow":["GET"]}}],"collection":[{"href":"https:\/\/mockelnforeningarna.se\/nkjk\/wp-json\/wp\/v2\/pages"}],"about":[{"href":"https:\/\/mockelnforeningarna.se\/nkjk\/wp-json\/wp\/v2\/types\/page"}],"author":[{"embeddable":true,"href":"https:\/\/mockelnforeningarna.se\/nkjk\/wp-json\/wp\/v2\/users\/3"}],"replies":[{"embeddable":true,"href":"https:\/\/mockelnforeningarna.se\/nkjk\/wp-json\/wp\/v2\/comments?post=143"}],"version-history":[{"count":3,"href":"https:\/\/mockelnforeningarna.se\/nkjk\/wp-json\/wp\/v2\/pages\/143\/revisions"}],"predecessor-version":[{"id":219,"href":"https:\/\/mockelnforeningarna.se\/nkjk\/wp-json\/wp\/v2\/pages\/143\/revisions\/219"}],"wp:attachment":[{"href":"https:\/\/mockelnforeningarna.se\/nkjk\/wp-json\/wp\/v2\/media?parent=143"}],"curies":[{"name":"wp","href":"https:\/\/api.w.org\/{rel}","templated":true}]}}