{"id":131,"date":"2023-04-01T00:46:59","date_gmt":"2023-03-31T22:46:59","guid":{"rendered":"https:\/\/mockelnforeningarna.se\/psi\/?post_type=event&#038;p=131"},"modified":"2023-05-03T16:00:13","modified_gmt":"2023-05-03T14:00:13","slug":"stormote-med-psi","status":"publish","type":"event","link":"https:\/\/mockelnforeningarna.se\/psi\/events\/event\/stormote-med-psi\/","title":{"rendered":"Storm\u00f6te med PSI"},"content":{"rendered":"\n<p><strong>N\u00e4r:<\/strong>&nbsp;Tisdag&nbsp;23\/5 kl.12:30-15:00. Fr\u00e5n kl.12 serveras lunch och vi startar m\u00f6tet kl.12:30. Givetvis kaffe och kaka under eftermiddagen och avslut kl.15:00.&nbsp;F\u00f6r specialkost anm\u00e4l h\u00e4r:&nbsp;<a href=\"https:\/\/mockelnforeningarna.se\/psi\/\" target=\"_blank\" rel=\"noreferrer noopener\">https:\/\/mockelnforeningarna.se\/psi\/<\/a><\/p>\n\n\n\n<p><strong>Var:<\/strong>&nbsp;H\u00f6rsalen Karlskoga bibliotek, Kyrkbacken 9.<\/p>\n\n\n\n<p><strong>Hur:<\/strong>&nbsp;Denna tr\u00e4ff fokuserar vi p\u00e5 oss medlemmar i PSI. Vi vill veta vad som h\u00e4nder i era verksamheter och hitta samarbeten. Vi f\u00f6ljer \u00e4ven upp tidigare storm\u00f6te med tema AI och andra sp\u00e4nnande aktiviteter.&nbsp;<\/p>\n\n\n\n<p>Ta g\u00e4rna upp \u00e4mnen ni vill att vi ska lyfta p\u00e5 framtida Storm\u00f6ten.<\/p>\n\n\n\n<figure class=\"wp-block-table\"><table><tbody><tr><td>&nbsp;<\/td><td>Prelimin\u00e4rt program f\u00f6r Storm\u00f6tet 23\/5&nbsp;<\/td><td>&nbsp;<\/td><\/tr><tr><td>12:00<\/td><td><strong>Lunch&nbsp;och&nbsp;mingel&nbsp;<\/strong>&nbsp;<\/td><td>V\u00e4lkomna! Lunch och dryck serveras under mingel. Programmet startar kl.12:30<\/td><\/tr><tr><td>12:30&nbsp;<\/td><td><strong>P\u00e5&nbsp;g\u00e5ng&nbsp;i&nbsp;PSI<\/strong>&nbsp;<\/td><td>Aktuellt fr\u00e5n Region \u00d6rebro L\u00e4nAktuellt&nbsp;hos PSIs&nbsp;medlemmar&nbsp;Uppf\u00f6ljning f\u00f6rra m\u00f6tet med tema AI<\/td><\/tr><tr><td>13:00<\/td><td><strong>Fokus medlemmar PSI<\/strong><\/td><td>Vad g\u00e5r bra hos er just nu?Vilken \u00e4r er st\u00f6rsta utmaning?Annat av intresse ni vill dela med gruppen<\/td><\/tr><tr><td>14:00&nbsp;<\/td><td><strong>Taskforce Fr\u00f6vi<\/strong><\/td><td>Under 2024 kommer en helt ny tomatodling som drivs av spillv\u00e4rme att byggas i Fr\u00f6vi.&nbsp;Vad h\u00e4nder i en liten ort n\u00e4r ett stort f\u00f6retag etablerar sig? Vilka m\u00f6jligheter finns f\u00f6r olika organisationer att h\u00e4nga p\u00e5.<\/td><\/tr><tr><td>&nbsp;<br>&nbsp;&nbsp;14:45<\/td><td>&nbsp;<strong>Fika<\/strong><\/td><td><\/td><\/tr><tr><td><br>14:45&nbsp;<\/td><td><strong>Avslut&nbsp;och&nbsp;summering<\/strong>&nbsp;<\/td><td><br>Vad&nbsp;har&nbsp;vi&nbsp;l\u00e4rt&nbsp;oss&nbsp;idag? Vad&nbsp;\u00e4r&nbsp;n\u00e4sta&nbsp;steg?&nbsp;&nbsp;&nbsp;<\/td><\/tr><\/tbody><\/table><\/figure>\n\n\n\n<p>Genom att tacka ja till denna kalenderinbjudan kommer vi boka mat och fika till dig. F\u00f6r specialkost, anm\u00e4l h\u00e4r:&nbsp;<a href=\"https:\/\/mockelnforeningarna.se\/psi\/\" target=\"_blank\" rel=\"noreferrer noopener\">https:\/\/mockelnforeningarna.se\/psi\/<\/a>&nbsp;<\/p>\n\n\n\n<p>&nbsp;<br>Varmt v\u00e4lkommen h\u00e4lsar Sofia och Lotta&nbsp;<\/p>\n\n\n\n<p>\/\/Sofia och Lotta<\/p>\n","protected":false},"excerpt":{"rendered":"<p>N\u00e4r:&nbsp;Tisdag&nbsp;23\/5 kl.12:30-15:00. Fr\u00e5n kl.12 serveras lunch och vi startar m\u00f6tet kl.12:30. Givetvis kaffe och kaka under eftermiddagen och avslut kl.15:00.&nbsp;F\u00f6r specialkost anm\u00e4l h\u00e4r:&nbsp;https:\/\/mockelnforeningarna.se\/psi\/ Var:&nbsp;H\u00f6rsalen Karlskoga bibliotek, Kyrkbacken 9. Hur:&nbsp;Denna tr\u00e4ff [&hellip;]<\/p>\n","protected":false},"author":38,"featured_media":0,"template":"","meta":[],"event-global-category":[],"event-venue":[],"event-category":[22],"event-tag":[],"class_list":["post-131","event","type-event","status-publish","hentry","event-category-intern"],"_links":{"self":[{"href":"https:\/\/mockelnforeningarna.se\/psi\/wp-json\/wp\/v2\/event\/131","targetHints":{"allow":["GET"]}}],"collection":[{"href":"https:\/\/mockelnforeningarna.se\/psi\/wp-json\/wp\/v2\/event"}],"about":[{"href":"https:\/\/mockelnforeningarna.se\/psi\/wp-json\/wp\/v2\/types\/event"}],"author":[{"embeddable":true,"href":"https:\/\/mockelnforeningarna.se\/psi\/wp-json\/wp\/v2\/users\/38"}],"wp:attachment":[{"href":"https:\/\/mockelnforeningarna.se\/psi\/wp-json\/wp\/v2\/media?parent=131"}],"wp:term":[{"taxonomy":"event-global-category","embeddable":true,"href":"https:\/\/mockelnforeningarna.se\/psi\/wp-json\/wp\/v2\/event-global-category?post=131"},{"taxonomy":"event-venue","embeddable":true,"href":"https:\/\/mockelnforeningarna.se\/psi\/wp-json\/wp\/v2\/event-venue?post=131"},{"taxonomy":"event-category","embeddable":true,"href":"https:\/\/mockelnforeningarna.se\/psi\/wp-json\/wp\/v2\/event-category?post=131"},{"taxonomy":"event-tag","embeddable":true,"href":"https:\/\/mockelnforeningarna.se\/psi\/wp-json\/wp\/v2\/event-tag?post=131"}],"curies":[{"name":"wp","href":"https:\/\/api.w.org\/{rel}","templated":true}]}}