{"id":31,"date":"2023-02-08T17:38:27","date_gmt":"2023-02-08T16:38:27","guid":{"rendered":"https:\/\/mockelnforeningarna.se\/pfsi\/?post_type=event&#038;p=31"},"modified":"2023-03-13T09:07:43","modified_gmt":"2023-03-13T08:07:43","slug":"stormote-vad-ar-ai-egentligen","status":"publish","type":"event","link":"https:\/\/mockelnforeningarna.se\/psi\/events\/event\/stormote-vad-ar-ai-egentligen\/","title":{"rendered":"Storm\u00f6te f\u00f6r PSI: Vad \u00e4r AI egentligen?"},"content":{"rendered":"\n<figure class=\"wp-block-image size-full\"><img loading=\"lazy\" decoding=\"async\" width=\"1024\" height=\"576\" src=\"https:\/\/mockelnforeningarna.se\/app\/uploads\/sites\/86\/2023\/02\/AI-sweden-1.jpg\" alt=\"\" class=\"wp-image-32\" srcset=\"https:\/\/mockelnforeningarna.se\/app\/uploads\/sites\/86\/2023\/02\/AI-sweden-1.jpg 1024w, https:\/\/mockelnforeningarna.se\/app\/uploads\/sites\/86\/2023\/02\/AI-sweden-1-300x169.jpg 300w, https:\/\/mockelnforeningarna.se\/app\/uploads\/sites\/86\/2023\/02\/AI-sweden-1-768x432.jpg 768w, https:\/\/mockelnforeningarna.se\/app\/uploads\/sites\/86\/2023\/02\/AI-sweden-1-800x450.jpg 800w, https:\/\/mockelnforeningarna.se\/app\/uploads\/sites\/86\/2023\/02\/AI-sweden-1-500x281.jpg 500w, https:\/\/mockelnforeningarna.se\/app\/uploads\/sites\/86\/2023\/02\/AI-sweden-1-600x338.jpg 600w\" sizes=\"auto, (max-width: 1024px) 100vw, 1024px\" \/><\/figure>\n\n\n\n<p><strong>N\u00e4r:<\/strong> Fredag 31\/3 kl.8:30-12:30 ink frukostfralla och lunch Kaffe och fralla fr\u00e5n kl.8:30 och programmet startar kl.9:00.<br><br><strong>Var:<\/strong> \u00d6rebro Universitet Fakultetsgatan 1 i lokal <a href=\"https:\/\/use.mazemap.com\/#v=1&amp;zlevel=1&amp;center=15.246250,59.254929&amp;zoom=18&amp;sharepoitype=poi&amp;sharepoi=1000640489&amp;campusid=123\">Labbet<\/a> (Klicka <a href=\"https:\/\/use.mazemap.com\/#v=1&amp;zlevel=1&amp;center=15.246250,59.254929&amp;zoom=18&amp;sharepoitype=poi&amp;sharepoi=1000640489&amp;campusid=123\">H\u00c4R<\/a> f\u00f6r v\u00e4gbeskrivning) Parkering \u00e4r lite trixigt s\u00e5 sam\u00e5k g\u00e4rna.<br>(Tidigare information var Karlskoga bibliotek vilket allts\u00e5 nu \u00e4r \u00e4ndrat)<br><br><strong>Hur:<\/strong> Temat f\u00f6r tr\u00e4ffen \u00e4r artificiell intelligens, vad \u00e4r det egentligen, varf\u00f6r ska bry oss om det och vad vi kan anv\u00e4nda det till? Oavsett om vi vill eller inte \u00e4r det n\u00e5got vi m\u00f6ter redan idag p\u00e5 olika s\u00e4tt. F\u00f6r att f\u00f6rst\u00e5 b\u00e4ttre kommer AI Sweden att medverka och guida oss till ny kunskap inom omr\u00e5det och \u00e4ven ge oss id\u00e9er om hur vi kan dra nytta av den nya teknologin. F\u00f6r den som har id\u00e9er kring hur du vill prova AI kommer vi \u00e4ven f\u00e5 information om en utlysning som kan finansiera ett projekt att prova id\u00e9n genom <a href=\"https:\/\/www.vinnova.se\/m\/hur-kan-offentlig-sektor-mota-morgondagens-samhallsutmaningar\/satsning-om-ai-for-kommu-ner-och-civilsamhallet\/\">Vinnovas Kraftsamling<\/a>.<\/p>\n\n\n\n<p>Givetvis kommer annat av intresse f\u00f6r PSI att lyftas och om du har information att dela med dig av \u00e4r du v\u00e4lkommen att g\u00f6ra det!<br><br>Varmt v\u00e4lkommen h\u00e4lsar Sofia och Lotta<\/p>\n\n\n\n<p>PS. Anm\u00e4l dig g\u00e4rna senast 23\/3 s\u00e5 kan vi planera p\u00e5 b\u00e4sta s\u00e4tt!<\/p>\n\n\n\n<p>Kontakt:<br>Sofia Tungfelt, M\u00f6ckelnf\u00f6reningarna e-post: sofia.tungfelt@mockelnforeningarna.net tel: 070 3800715<br>Lotta Karlsson-Andersson, Activa e-post: lotta.karlsson-andersson@s-activa.se tel: 070-754 96 30<\/p>\n\n\n\n<div class=\"wp-block-contact-form-7-contact-form-selector\">\n<div class=\"wpcf7 no-js\" id=\"wpcf7-f15-o1\" lang=\"sv-SE\" dir=\"ltr\" data-wpcf7-id=\"15\">\n<div class=\"screen-reader-response\"><p role=\"status\" aria-live=\"polite\" aria-atomic=\"true\"><\/p> <ul><\/ul><\/div>\n<form action=\"\/psi\/wp-json\/wp\/v2\/event\/31#wpcf7-f15-o1\" method=\"post\" class=\"wpcf7-form init\" aria-label=\"Kontaktformul\u00e4r\" novalidate=\"novalidate\" data-status=\"init\">\n<fieldset class=\"hidden-fields-container\"><input type=\"hidden\" name=\"_wpcf7\" value=\"15\" \/><input type=\"hidden\" name=\"_wpcf7_version\" value=\"6.1.5\" \/><input type=\"hidden\" name=\"_wpcf7_locale\" value=\"sv_SE\" \/><input type=\"hidden\" name=\"_wpcf7_unit_tag\" value=\"wpcf7-f15-o1\" \/><input type=\"hidden\" name=\"_wpcf7_container_post\" value=\"0\" \/><input type=\"hidden\" name=\"_wpcf7_posted_data_hash\" value=\"\" \/>\n<\/fieldset>\n<p>Ditt namn:<br \/>\n<span class=\"wpcf7-form-control-wrap\" data-name=\"ansvarig\"><input size=\"40\" maxlength=\"400\" class=\"wpcf7-form-control wpcf7-text\" aria-invalid=\"false\" value=\"\" type=\"text\" name=\"ansvarig\" \/><\/span>\n<\/p>\n<p>Din organisation:<br \/>\n<span class=\"wpcf7-form-control-wrap\" data-name=\"kontaktperson\"><input size=\"40\" maxlength=\"400\" class=\"wpcf7-form-control wpcf7-text\" aria-invalid=\"false\" value=\"\" type=\"text\" name=\"kontaktperson\" \/><\/span>\n<\/p>\n<p>Telefon:<br \/>\n<span class=\"wpcf7-form-control-wrap\" data-name=\"telefon\"><input size=\"40\" maxlength=\"400\" class=\"wpcf7-form-control wpcf7-text\" aria-invalid=\"false\" value=\"\" type=\"text\" name=\"telefon\" \/><\/span>\n<\/p>\n<p>E-post:<br \/>\n<span class=\"wpcf7-form-control-wrap\" data-name=\"your-email\"><input size=\"40\" maxlength=\"400\" class=\"wpcf7-form-control wpcf7-email wpcf7-validates-as-required wpcf7-text wpcf7-validates-as-email\" aria-required=\"true\" aria-invalid=\"false\" value=\"\" type=\"email\" name=\"your-email\" \/><\/span>\n<\/p>\n<p>Har du <strong>allergi eller matpreferenser<\/strong>, beskriv nedan.<br \/>\n<span class=\"wpcf7-form-control-wrap\" data-name=\"beskriv_aktivitet\"><textarea cols=\"40\" rows=\"10\" maxlength=\"2000\" class=\"wpcf7-form-control wpcf7-textarea\" aria-invalid=\"false\" name=\"beskriv_aktivitet\"><\/textarea><\/span>\n<\/p>\n<p>Meddelande till arrang\u00f6ren:<br \/>\n<span class=\"wpcf7-form-control-wrap\" data-name=\"textarea-717\"><textarea cols=\"40\" rows=\"10\" maxlength=\"2000\" class=\"wpcf7-form-control wpcf7-textarea\" aria-invalid=\"false\" name=\"textarea-717\"><\/textarea><\/span>\n<\/p>\n<p><input class=\"wpcf7-form-control wpcf7-submit has-spinner\" type=\"submit\" value=\"Skicka\" \/>\n<\/p><div class=\"wpcf7-response-output\" aria-hidden=\"true\"><\/div>\n<\/form>\n<\/div>\n<\/div>\n","protected":false},"excerpt":{"rendered":"<p>N\u00e4r: Fredag 31\/3 kl.8:30-12:30 ink frukostfralla och lunch Kaffe och fralla fr\u00e5n kl.8:30 och programmet startar kl.9:00. Var: \u00d6rebro Universitet Fakultetsgatan 1 i lokal Labbet (Klicka H\u00c4R f\u00f6r v\u00e4gbeskrivning) Parkering [&hellip;]<\/p>\n","protected":false},"author":38,"featured_media":0,"template":"","meta":[],"event-global-category":[],"event-venue":[],"event-category":[22],"event-tag":[],"class_list":["post-31","event","type-event","status-publish","hentry","event-category-intern"],"_links":{"self":[{"href":"https:\/\/mockelnforeningarna.se\/psi\/wp-json\/wp\/v2\/event\/31","targetHints":{"allow":["GET"]}}],"collection":[{"href":"https:\/\/mockelnforeningarna.se\/psi\/wp-json\/wp\/v2\/event"}],"about":[{"href":"https:\/\/mockelnforeningarna.se\/psi\/wp-json\/wp\/v2\/types\/event"}],"author":[{"embeddable":true,"href":"https:\/\/mockelnforeningarna.se\/psi\/wp-json\/wp\/v2\/users\/38"}],"wp:attachment":[{"href":"https:\/\/mockelnforeningarna.se\/psi\/wp-json\/wp\/v2\/media?parent=31"}],"wp:term":[{"taxonomy":"event-global-category","embeddable":true,"href":"https:\/\/mockelnforeningarna.se\/psi\/wp-json\/wp\/v2\/event-global-category?post=31"},{"taxonomy":"event-venue","embeddable":true,"href":"https:\/\/mockelnforeningarna.se\/psi\/wp-json\/wp\/v2\/event-venue?post=31"},{"taxonomy":"event-category","embeddable":true,"href":"https:\/\/mockelnforeningarna.se\/psi\/wp-json\/wp\/v2\/event-category?post=31"},{"taxonomy":"event-tag","embeddable":true,"href":"https:\/\/mockelnforeningarna.se\/psi\/wp-json\/wp\/v2\/event-tag?post=31"}],"curies":[{"name":"wp","href":"https:\/\/api.w.org\/{rel}","templated":true}]}}