{"id":11,"date":"2023-02-08T16:48:50","date_gmt":"2023-02-08T15:48:50","guid":{"rendered":"https:\/\/mockelnforeningarna.se\/pfsi\/?page_id=11"},"modified":"2023-11-02T10:20:58","modified_gmt":"2023-11-02T09:20:58","slug":"hem","status":"publish","type":"page","link":"https:\/\/mockelnforeningarna.se\/psi\/","title":{"rendered":"Hem"},"content":{"rendered":"\n<figure class=\"wp-block-image size-large\"><img loading=\"lazy\" decoding=\"async\" width=\"1024\" height=\"307\" src=\"https:\/\/mockelnforeningarna.se\/app\/uploads\/sites\/86\/2023\/02\/psi-logga-1024x307.png\" alt=\"\" class=\"wp-image-26\" srcset=\"https:\/\/mockelnforeningarna.se\/app\/uploads\/sites\/86\/2023\/02\/psi-logga-1024x307.png 1024w, https:\/\/mockelnforeningarna.se\/app\/uploads\/sites\/86\/2023\/02\/psi-logga-300x90.png 300w, https:\/\/mockelnforeningarna.se\/app\/uploads\/sites\/86\/2023\/02\/psi-logga-768x230.png 768w, https:\/\/mockelnforeningarna.se\/app\/uploads\/sites\/86\/2023\/02\/psi-logga-800x240.png 800w, https:\/\/mockelnforeningarna.se\/app\/uploads\/sites\/86\/2023\/02\/psi-logga-500x150.png 500w, https:\/\/mockelnforeningarna.se\/app\/uploads\/sites\/86\/2023\/02\/psi-logga-600x180.png 600w, https:\/\/mockelnforeningarna.se\/app\/uploads\/sites\/86\/2023\/02\/psi-logga.png 1134w\" sizes=\"auto, (max-width: 1024px) 100vw, 1024px\" \/><\/figure>\n\n\n\n<h2 class=\"wp-block-heading\">V\u00e4lkommen p\u00e5 n\u00e4sta Storm\u00f6te 13\/11 kl.8:30-12:30<\/h2>\n\n\n\n<p>Vi planerar just nu f\u00f6r \u00e5rets fj\u00e4rde och sista storm\u00f6te med Partnerskapet f\u00f6r sociala innovationer. Platsen \u00e4r Bryggerikrogen i Nora, Pr\u00e4stgatan 42 \u00e4r adressen.<\/p>\n\n\n\n<p>Prel program:<br>8:30-9:00 Frukostmacka och kaffe<br>9:00 V\u00e4lkomna och \u00e5terblick vad har h\u00e4nt sen sist<br>9:30 Information fr\u00e5n Regionen ang kommande utlysning<br>10:00 Fokus: civilsamh\u00e4llets och sociala ekonomins v\u00e4rde &#8211; hur visar vi det i pengar och andra v\u00e4rden?<br>11:30 Summering och avslut<br>Vi avslutar med gemensam lunch kl.12 f\u00f6r alla som vill prata vidare.<\/p>\n\n\n\n<p>Varmt v\u00e4lkommen att delta denna dag &#8211; den \u00e4r kostnadsfri!<\/p>\n\n\n\n<div class=\"wp-block-contact-form-7-contact-form-selector\">\n<div class=\"wpcf7 no-js\" id=\"wpcf7-f15-o1\" lang=\"sv-SE\" dir=\"ltr\" data-wpcf7-id=\"15\">\n<div class=\"screen-reader-response\"><p role=\"status\" aria-live=\"polite\" aria-atomic=\"true\"><\/p> <ul><\/ul><\/div>\n<form action=\"\/psi\/wp-json\/wp\/v2\/pages\/11#wpcf7-f15-o1\" method=\"post\" class=\"wpcf7-form init\" aria-label=\"Kontaktformul\u00e4r\" novalidate=\"novalidate\" data-status=\"init\">\n<fieldset class=\"hidden-fields-container\"><input type=\"hidden\" name=\"_wpcf7\" value=\"15\" \/><input type=\"hidden\" name=\"_wpcf7_version\" value=\"6.1.5\" \/><input type=\"hidden\" name=\"_wpcf7_locale\" value=\"sv_SE\" \/><input type=\"hidden\" name=\"_wpcf7_unit_tag\" value=\"wpcf7-f15-o1\" \/><input type=\"hidden\" name=\"_wpcf7_container_post\" value=\"0\" \/><input type=\"hidden\" name=\"_wpcf7_posted_data_hash\" value=\"\" \/>\n<\/fieldset>\n<p>Ditt namn:<br \/>\n<span class=\"wpcf7-form-control-wrap\" data-name=\"ansvarig\"><input size=\"40\" maxlength=\"400\" class=\"wpcf7-form-control wpcf7-text\" aria-invalid=\"false\" value=\"\" type=\"text\" name=\"ansvarig\" \/><\/span>\n<\/p>\n<p>Din organisation:<br \/>\n<span class=\"wpcf7-form-control-wrap\" data-name=\"kontaktperson\"><input size=\"40\" maxlength=\"400\" class=\"wpcf7-form-control wpcf7-text\" aria-invalid=\"false\" value=\"\" type=\"text\" name=\"kontaktperson\" \/><\/span>\n<\/p>\n<p>Telefon:<br \/>\n<span class=\"wpcf7-form-control-wrap\" data-name=\"telefon\"><input size=\"40\" maxlength=\"400\" class=\"wpcf7-form-control wpcf7-text\" aria-invalid=\"false\" value=\"\" type=\"text\" name=\"telefon\" \/><\/span>\n<\/p>\n<p>E-post:<br \/>\n<span class=\"wpcf7-form-control-wrap\" data-name=\"your-email\"><input size=\"40\" maxlength=\"400\" class=\"wpcf7-form-control wpcf7-email wpcf7-validates-as-required wpcf7-text wpcf7-validates-as-email\" aria-required=\"true\" aria-invalid=\"false\" value=\"\" type=\"email\" name=\"your-email\" \/><\/span>\n<\/p>\n<p>Har du <strong>allergi eller matpreferenser<\/strong>, beskriv nedan.<br \/>\n<span class=\"wpcf7-form-control-wrap\" data-name=\"beskriv_aktivitet\"><textarea cols=\"40\" rows=\"10\" maxlength=\"2000\" class=\"wpcf7-form-control wpcf7-textarea\" aria-invalid=\"false\" name=\"beskriv_aktivitet\"><\/textarea><\/span>\n<\/p>\n<p>Meddelande till arrang\u00f6ren:<br \/>\n<span class=\"wpcf7-form-control-wrap\" data-name=\"textarea-717\"><textarea cols=\"40\" rows=\"10\" maxlength=\"2000\" class=\"wpcf7-form-control wpcf7-textarea\" aria-invalid=\"false\" name=\"textarea-717\"><\/textarea><\/span>\n<\/p>\n<p><input class=\"wpcf7-form-control wpcf7-submit has-spinner\" type=\"submit\" value=\"Skicka\" \/>\n<\/p><div class=\"wpcf7-response-output\" aria-hidden=\"true\"><\/div>\n<\/form>\n<\/div>\n<\/div>\n\n\n\n<h3 class=\"wp-block-heading\">Vilka \u00e4r PSI?<\/h3>\n\n\n\n<figure class=\"wp-block-image size-full\"><img loading=\"lazy\" decoding=\"async\" width=\"473\" height=\"473\" src=\"https:\/\/mockelnforeningarna.se\/app\/uploads\/sites\/86\/2023\/04\/Traff-2023_03_31.jpg\" alt=\"\" class=\"wp-image-126\" srcset=\"https:\/\/mockelnforeningarna.se\/app\/uploads\/sites\/86\/2023\/04\/Traff-2023_03_31.jpg 473w, https:\/\/mockelnforeningarna.se\/app\/uploads\/sites\/86\/2023\/04\/Traff-2023_03_31-300x300.jpg 300w, https:\/\/mockelnforeningarna.se\/app\/uploads\/sites\/86\/2023\/04\/Traff-2023_03_31-150x150.jpg 150w\" sizes=\"auto, (max-width: 473px) 100vw, 473px\" \/><\/figure>\n\n\n\n<p><br>Partnerskapet f\u00f6r sociala innovationer \u00e4r ett sammanhang d\u00e4r f\u00f6reningar och civilsamh\u00e4llsorganisationer utvecklar id\u00e9er och initiativ.<br><br>Du kan exempelvis kontakta PSI f\u00f6r att<\/p>\n\n\n\n<ul class=\"wp-block-list\">\n<li>f\u00e5 tips om l\u00e4mplig r\u00e5dgivare i det innovationsst\u00f6djande systemet<\/li>\n\n\n\n<li>utveckla id\u00e9er och formulera projektans\u00f6kningar tillsammans med oss&nbsp;<\/li>\n<\/ul>\n\n\n\n<p>L\u00e4s mer om PSI p\u00e5 <a href=\"http:\/\/utveckling.regionorebrolan.se\/psi\">utveckling.regionorebrolan.se\/psi<\/a><\/p>\n","protected":false},"excerpt":{"rendered":"<p>V\u00e4lkommen p\u00e5 n\u00e4sta Storm\u00f6te 13\/11 kl.8:30-12:30 Vi planerar just nu f\u00f6r \u00e5rets fj\u00e4rde och sista storm\u00f6te med Partnerskapet f\u00f6r sociala innovationer. Platsen \u00e4r Bryggerikrogen i Nora, Pr\u00e4stgatan 42 \u00e4r adressen. [&hellip;]<\/p>\n","protected":false},"author":3,"featured_media":0,"parent":0,"menu_order":0,"comment_status":"closed","ping_status":"closed","template":"page-notitle.php","meta":{"footnotes":""},"class_list":["post-11","page","type-page","status-publish","hentry"],"_links":{"self":[{"href":"https:\/\/mockelnforeningarna.se\/psi\/wp-json\/wp\/v2\/pages\/11","targetHints":{"allow":["GET"]}}],"collection":[{"href":"https:\/\/mockelnforeningarna.se\/psi\/wp-json\/wp\/v2\/pages"}],"about":[{"href":"https:\/\/mockelnforeningarna.se\/psi\/wp-json\/wp\/v2\/types\/page"}],"author":[{"embeddable":true,"href":"https:\/\/mockelnforeningarna.se\/psi\/wp-json\/wp\/v2\/users\/3"}],"replies":[{"embeddable":true,"href":"https:\/\/mockelnforeningarna.se\/psi\/wp-json\/wp\/v2\/comments?post=11"}],"version-history":[{"count":33,"href":"https:\/\/mockelnforeningarna.se\/psi\/wp-json\/wp\/v2\/pages\/11\/revisions"}],"predecessor-version":[{"id":190,"href":"https:\/\/mockelnforeningarna.se\/psi\/wp-json\/wp\/v2\/pages\/11\/revisions\/190"}],"wp:attachment":[{"href":"https:\/\/mockelnforeningarna.se\/psi\/wp-json\/wp\/v2\/media?parent=11"}],"curies":[{"name":"wp","href":"https:\/\/api.w.org\/{rel}","templated":true}]}}